{"id":315,"date":"2018-05-14T08:02:07","date_gmt":"2018-05-14T08:02:07","guid":{"rendered":"http:\/\/bridge236.qodeinteractive.com\/?page_id=5"},"modified":"2022-03-21T22:08:17","modified_gmt":"2022-03-21T22:08:17","slug":"inicio","status":"publish","type":"page","link":"http:\/\/www.das.uchile.cl\/aescala\/","title":{"rendered":"Inicio"},"content":{"rendered":"<p>[vc_row css_animation=&#8221;&#8221; row_type=&#8221;row&#8221; use_row_as_full_screen_section=&#8221;yes&#8221; type=&#8221;grid&#8221; angled_section=&#8221;no&#8221; text_align=&#8221;left&#8221; background_image_as_pattern=&#8221;without_pattern&#8221; padding_top=&#8221;120&#8243; padding_bottom=&#8221;150&#8243; transition_delay=&#8221;400&#8243; z_index=&#8221;&#8221; css=&#8221;.vc_custom_1637092825208{background-image: url(http:\/\/www.das.uchile.cl\/aescala\/wp-content\/uploads\/2021\/11\/Bckg-v01-1.jpg?id=323) !important;}&#8221;][vc_column css_animation=&#8221;none&#8221; offset=&#8221;vc_col-lg-7 vc_col-md-12 vc_col-sm-offset-0&#8243;][qode_elements_holder number_of_columns=&#8221;one_column&#8221;][qode_elements_holder_item advanced_animations=&#8221;no&#8221; item_padding=&#8221;80px 50px 0 0&#8243; item_padding_1280_1440=&#8221;50px 0 0 0&#8243; item_padding_1024_1280=&#8221;80px 0px 0 51px&#8221; item_padding_768_1024=&#8221;80px 0px 100px 51px&#8221; item_padding_600_768=&#8221;0 0 80px 0&#8243; item_padding_480_600=&#8221;0 0 80px 0&#8243; item_padding_480=&#8221;0 0 80px 0&#8243;][vc_column_text]<\/p>\n<h1>Hola, soy Andr\u00e9s Escala, astrof\u00edsico te\u00f3rico, de la Universidad de Chile.<\/h1>\n<p>[\/vc_column_text][vc_empty_space height=&#8221;37px&#8221;]<div class=\"custom_font_holder\" style=\"font-family: Inter; font-size: 21px; line-height: 31.5px; font-style: normal; font-weight: 400; color: #ffffff; text-decoration: none; letter-spacing: 0px; text-align: left;\">Mi tradicional \u00e1rea de investigaci\u00f3n es la astrof\u00edsica te\u00f3rica, en problemas tales como la evoluci\u00f3n y formaci\u00f3n de agujeros negros masivos en el universo, formaci\u00f3n de galaxias y c\u00famulos estelares, leyes de formaci\u00f3n estelar, entre otros. En a\u00f1os recientes me he focalizado en estudiar la formulaci\u00f3n matem\u00e1tica de leyes emp\u00edricas, particularmente en \u00a0reformular leyes en biolog\u00eda y ecolog\u00eda.<\/div>[vc_empty_space height=&#8221;50px&#8221;][vc_empty_space height=&#8221;27px&#8221;]<span data-type=\"normal\"  class=\"qode_icon_shortcode  q_font_awsome_icon fa-4x  \" style=\" \"><i class=\"qode_icon_font_awesome fa fa-angle-down qode_icon_element\" style=\"\" ><\/i><\/span>[\/qode_elements_holder_item][\/qode_elements_holder][\/vc_column][vc_column css_animation=&#8221;fadeIn&#8221; css=&#8221;.vc_custom_1645056895933{padding-top: 0px !important;padding-right: 0px !important;padding-bottom: 0px !important;padding-left: 0px !important;}&#8221; offset=&#8221;vc_col-lg-5 vc_col-md-12 vc_col-sm-offset-0&#8243;][vc_single_image image=&#8221;334&#8243; img_size=&#8221;full&#8221; qode_css_animation=&#8221;&#8221;][\/vc_column][\/vc_row][vc_row css_animation=&#8221;&#8221; row_type=&#8221;row&#8221; use_row_as_full_screen_section=&#8221;no&#8221; type=&#8221;full_width&#8221; angled_section=&#8221;no&#8221; text_align=&#8221;left&#8221; background_image_as_pattern=&#8221;without_pattern&#8221; anchor=&#8221;about&#8221; z_index=&#8221;&#8221; padding_bottom=&#8221;50&#8243; css=&#8221;.vc_custom_1636840003297{background-color: #000000 !important;}&#8221; padding_top=&#8221;110&#8243; el_id=&#8221;intereses&#8221;][vc_column width=&#8221;1\/12&#8243;][\/vc_column][vc_column width=&#8221;11\/12&#8243;][vc_column_text]<\/p>\n<h6 style=\"text-align: left; letter-spacing: -5px; color: #dac7ff;\">Intereses de Investigaci\u00f3n<\/h6>\n<p>[\/vc_column_text][\/vc_column][\/vc_row][vc_row css_animation=&#8221;&#8221; row_type=&#8221;row&#8221; use_row_as_full_screen_section=&#8221;no&#8221; type=&#8221;grid&#8221; angled_section=&#8221;no&#8221; text_align=&#8221;left&#8221; background_image_as_pattern=&#8221;without_pattern&#8221; z_index=&#8221;&#8221; css=&#8221;.vc_custom_1647272907682{padding-bottom: 50px !important;background-color: #000000 !important;}&#8221;][vc_column width=&#8221;1\/4&#8243;][vc_separator type=&#8221;small&#8221; position=&#8221;left&#8221; width_in_percentages=&#8221;yes&#8221; color=&#8221;#ffffff&#8221; width=&#8221;100&#8243; up=&#8221;11&#8243; thickness=&#8221;2&#8243; down=&#8221;15&#8243; transparency=&#8221;1&#8243;][vc_column_text]<\/p>\n<h4><span style=\"color: #ffffff;\">Formaci\u00f3n y crecimiento de agujeros negros masivos.<\/span><\/h4>\n<p>[\/vc_column_text][vc_separator type=&#8221;small&#8221; position=&#8221;left&#8221; color=&#8221;#53f6c7&#8243; width=&#8221;10&#8243; up=&#8221;11&#8243; thickness=&#8221;2&#8243; down=&#8221;15&#8243; transparency=&#8221;0&#8243;][vc_column_text]<\/p>\n<div>Mecanismos que puedan explicar el origen de los agujeros negros masivos a edades tempranas del Universo donde tambi\u00e9n son observados.<\/div>\n<p>[\/vc_column_text][\/vc_column][vc_column width=&#8221;1\/4&#8243;][vc_separator type=&#8221;small&#8221; position=&#8221;left&#8221; width_in_percentages=&#8221;yes&#8221; color=&#8221;#ffffff&#8221; width=&#8221;100&#8243; up=&#8221;11&#8243; thickness=&#8221;2&#8243; down=&#8221;15&#8243; transparency=&#8221;1&#8243;][vc_column_text]<\/p>\n<h4><span style=\"color: #ffffff;\">Emisi\u00f3n de ondas gravitacionales en choques de agujeros negros masivos.<\/span><\/h4>\n<p>[\/vc_column_text][vc_separator type=&#8221;small&#8221; position=&#8221;left&#8221; color=&#8221;#53f6c7&#8243; width=&#8221;10&#8243; up=&#8221;11&#8243; thickness=&#8221;2&#8243; down=&#8221;15&#8243; transparency=&#8221;0&#8243;][vc_column_text]Mecanismos que faciliten el choque agujeros negros masivos, los cuales ser\u00edan fuentes de ondas gravitacionales observables a trav\u00e9s del futuro observatorio LISA.[\/vc_column_text][\/vc_column][vc_column width=&#8221;1\/4&#8243;][vc_separator type=&#8221;small&#8221; position=&#8221;left&#8221; width_in_percentages=&#8221;yes&#8221; color=&#8221;#ffffff&#8221; width=&#8221;100&#8243; up=&#8221;11&#8243; thickness=&#8221;2&#8243; down=&#8221;15&#8243; transparency=&#8221;1&#8243;][vc_column_text]<\/p>\n<h4><span style=\"color: #ffffff;\">Formaci\u00f3n estelar, de c\u00famulos<\/span><\/h4>\n<h4><span style=\"color: #ffffff;\"> y gal\u00e1ctica.<\/span><\/h4>\n<p>[\/vc_column_text][vc_separator type=&#8221;small&#8221; position=&#8221;left&#8221; color=&#8221;#53f6c7&#8243; width=&#8221;10&#8243; up=&#8221;11&#8243; thickness=&#8221;2&#8243; down=&#8221;15&#8243; transparency=&#8221;0&#8243;][vc_column_text]Simulaciones que estudian como el gas interestelar y gal\u00e1ctico puede dar origen a la formaci\u00f3n de objetos celestes tales como estrellas, c\u00famulos y galaxias.[\/vc_column_text][\/vc_column][vc_column width=&#8221;1\/4&#8243;][vc_separator type=&#8221;small&#8221; position=&#8221;left&#8221; width_in_percentages=&#8221;yes&#8221; color=&#8221;#ffffff&#8221; width=&#8221;100&#8243; up=&#8221;11&#8243; thickness=&#8221;2&#8243; down=&#8221;15&#8243; transparency=&#8221;1&#8243;][vc_column_text]<\/p>\n<h4><span style=\"color: #ffffff;\">Formulaci\u00f3n matem\u00e1tica de leyes emp\u00edricas.<\/span><\/h4>\n<p>[\/vc_column_text][vc_separator type=&#8221;small&#8221; position=&#8221;left&#8221; color=&#8221;#53f6c7&#8243; width=&#8221;10&#8243; up=&#8221;11&#8243; thickness=&#8221;2&#8243; down=&#8221;15&#8243; transparency=&#8221;0&#8243;][vc_column_text]Reformular leyes emp\u00edricas ya conocidas, para satisfacer los requerimientos matem\u00e1ticos m\u00ednimos para ser considerada una ley de la naturaleza.[\/vc_column_text][\/vc_column][\/vc_row][vc_row css_animation=&#8221;&#8221; row_type=&#8221;row&#8221; use_row_as_full_screen_section=&#8221;no&#8221; type=&#8221;full_width&#8221; angled_section=&#8221;no&#8221; text_align=&#8221;left&#8221; background_image_as_pattern=&#8221;without_pattern&#8221; css=&#8221;.vc_custom_1636842776236{background-color: #000000 !important;}&#8221; z_index=&#8221;&#8221; padding_top=&#8221;150&#8243;][vc_column offset=&#8221;vc_col-lg-offset-0 vc_col-lg-10 vc_col-md-offset-0 vc_col-md-12&#8243;][vc_single_image image=&#8221;327&#8243; img_size=&#8221;full&#8221; qode_css_animation=&#8221;&#8221;][\/vc_column][vc_column offset=&#8221;vc_col-lg-offset-0 vc_col-lg-2 vc_col-md-offset-0 vc_col-md-12 vc_col-sm-offset-0&#8243;][\/vc_column][\/vc_row][vc_row css_animation=&#8221;&#8221; row_type=&#8221;row&#8221; use_row_as_full_screen_section=&#8221;no&#8221; type=&#8221;full_width&#8221; angled_section=&#8221;no&#8221; text_align=&#8221;left&#8221; background_image_as_pattern=&#8221;without_pattern&#8221; z_index=&#8221;&#8221; css=&#8221;.vc_custom_1636842523178{background-color: #000000 !important;}&#8221; padding_top=&#8221;50&#8243;][vc_column width=&#8221;5\/6&#8243; offset=&#8221;vc_col-lg-offset-0 vc_col-lg-7 vc_col-md-offset-0 vc_col-md-12 vc_col-sm-offset-0&#8243;][\/vc_column][vc_column width=&#8221;1\/6&#8243;][\/vc_column][\/vc_row][vc_row css_animation=&#8221;&#8221; row_type=&#8221;row&#8221; use_row_as_full_screen_section=&#8221;no&#8221; type=&#8221;full_width&#8221; angled_section=&#8221;no&#8221; text_align=&#8221;left&#8221; background_image_as_pattern=&#8221;without_pattern&#8221; anchor=&#8221;about&#8221; z_index=&#8221;&#8221; padding_bottom=&#8221;50&#8243; css=&#8221;.vc_custom_1636839970113{background-color: #000000 !important;}&#8221; padding_top=&#8221;110&#8243;][vc_column width=&#8221;1\/12&#8243;][\/vc_column][vc_column width=&#8221;11\/12&#8243;][vc_column_text]<\/p>\n<h6 style=\"text-align: left; letter-spacing: -5px;\">Actividades Profesionales<\/h6>\n<p>[\/vc_column_text][\/vc_column][\/vc_row][vc_row css_animation=&#8221;&#8221; row_type=&#8221;row&#8221; use_row_as_full_screen_section=&#8221;no&#8221; type=&#8221;grid&#8221; angled_section=&#8221;no&#8221; text_align=&#8221;left&#8221; background_image_as_pattern=&#8221;without_pattern&#8221; z_index=&#8221;&#8221; css=&#8221;.vc_custom_1636835918169{background-color: #000000 !important;}&#8221;][vc_column css=&#8221;.vc_custom_1526295153805{margin-top: -51px !important;}&#8221;][vc_separator css_animation=&#8221;fadeInRight&#8221; type=&#8221;normal&#8221; down=&#8221;15&#8243; color=&#8221;#ffffff&#8221; up=&#8221;39&#8243; thickness=&#8221;2&#8243;][vc_row_inner row_type=&#8221;row&#8221; type=&#8221;full_width&#8221; text_align=&#8221;left&#8221; css_animation=&#8221;element_from_fade&#8221;][vc_column_inner width=&#8221;2\/3&#8243;][vc_column_text]Profesor Asociado, Departamento de Astronom\u00eda, FCFM, Universidad de Chile[\/vc_column_text][\/vc_column_inner][vc_column_inner width=&#8221;1\/3&#8243;][vc_column_text]<\/p>\n<h5 style=\"text-align: right;\">2015-Presente<\/h5>\n<p>[\/vc_column_text][\/vc_column_inner][\/vc_row_inner][vc_separator css_animation=&#8221;fadeInRight&#8221; type=&#8221;normal&#8221; down=&#8221;15&#8243; color=&#8221;#ffffff&#8221; up=&#8221;39&#8243; thickness=&#8221;2&#8243;][vc_row_inner row_type=&#8221;row&#8221; type=&#8221;full_width&#8221; text_align=&#8221;left&#8221; css_animation=&#8221;element_from_fade&#8221;][vc_column_inner width=&#8221;2\/3&#8243;][vc_column_text]Director Departamento de Astronom\u00eda Universidad de Chile[\/vc_column_text][\/vc_column_inner][vc_column_inner width=&#8221;1\/3&#8243;][vc_column_text]<\/p>\n<h5 style=\"text-align: right;\">2017-2020<\/h5>\n<p>[\/vc_column_text][\/vc_column_inner][\/vc_row_inner][vc_separator css_animation=&#8221;fadeInRight&#8221; type=&#8221;normal&#8221; down=&#8221;15&#8243; color=&#8221;#ffffff&#8221; up=&#8221;39&#8243; thickness=&#8221;2&#8243;][vc_row_inner row_type=&#8221;row&#8221; type=&#8221;full_width&#8221; text_align=&#8221;left&#8221; css_animation=&#8221;element_from_fade&#8221;][vc_column_inner width=&#8221;2\/3&#8243;][vc_column_text]Director del Laboratorio Internacional Franco-Chileno de Astronom\u00eda[\/vc_column_text][\/vc_column_inner][vc_column_inner width=&#8221;1\/3&#8243;][vc_column_text]<\/p>\n<h5 style=\"text-align: right;\">2017-2020<\/h5>\n<p>[\/vc_column_text][\/vc_column_inner][\/vc_row_inner][vc_separator css_animation=&#8221;fadeInRight&#8221; type=&#8221;normal&#8221; down=&#8221;15&#8243; color=&#8221;#ffffff&#8221; up=&#8221;39&#8243; thickness=&#8221;2&#8243;][vc_row_inner row_type=&#8221;row&#8221; type=&#8221;full_width&#8221; text_align=&#8221;left&#8221; css_animation=&#8221;element_from_fade&#8221;][vc_column_inner width=&#8221;2\/3&#8243;][vc_column_text]Profesor Asistente, Departamento de Astronom\u00eda, FCFM, Universidad de Chile[\/vc_column_text][\/vc_column_inner][vc_column_inner width=&#8221;1\/3&#8243;][vc_column_text]<\/p>\n<h5 style=\"text-align: right;\">2009-2015<\/h5>\n<p>[\/vc_column_text][\/vc_column_inner][\/vc_row_inner][vc_separator css_animation=&#8221;fadeInRight&#8221; type=&#8221;normal&#8221; down=&#8221;15&#8243; color=&#8221;#ffffff&#8221; up=&#8221;39&#8243; thickness=&#8221;2&#8243;][vc_row_inner row_type=&#8221;row&#8221; type=&#8221;full_width&#8221; text_align=&#8221;left&#8221; css_animation=&#8221;element_from_fade&#8221;][vc_column_inner width=&#8221;2\/3&#8243;][vc_column_text]Investigador Asociado, Kavli Institute for Particle Astrophysics and Cosmology, Stanford University Physics Department \/ SLAC National Accelerator Laboratory[\/vc_column_text][\/vc_column_inner][vc_column_inner width=&#8221;1\/3&#8243;][vc_column_text]<\/p>\n<h5 style=\"text-align: right;\">2006-2009<\/h5>\n<p>[\/vc_column_text][\/vc_column_inner][\/vc_row_inner][vc_separator css_animation=&#8221;fadeInRight&#8221; type=&#8221;normal&#8221; down=&#8221;15&#8243; color=&#8221;#ffffff&#8221; up=&#8221;39&#8243; thickness=&#8221;2&#8243;][vc_row_inner row_type=&#8221;row&#8221; type=&#8221;full_width&#8221; text_align=&#8221;left&#8221; css_animation=&#8221;element_from_fade&#8221;][vc_column_inner width=&#8221;2\/3&#8243;][vc_column_text]Investigador Post-doctoral, Departamento de Astronom\u00eda, Universidad de Chile[\/vc_column_text][\/vc_column_inner][vc_column_inner width=&#8221;1\/3&#8243;][vc_column_text]<\/p>\n<h5 style=\"text-align: right;\">2004-2006<\/h5>\n<p>[\/vc_column_text][\/vc_column_inner][\/vc_row_inner][\/vc_column][\/vc_row][vc_row css_animation=&#8221;&#8221; row_type=&#8221;row&#8221; use_row_as_full_screen_section=&#8221;no&#8221; type=&#8221;full_width&#8221; angled_section=&#8221;no&#8221; text_align=&#8221;left&#8221; background_image_as_pattern=&#8221;without_pattern&#8221; anchor=&#8221;clients&#8221; z_index=&#8221;&#8221; css=&#8221;.vc_custom_1647537262438{background-color: #000000 !important;}&#8221; padding_top=&#8221;110&#8243; padding_bottom=&#8221;50&#8243;][vc_column width=&#8221;1\/12&#8243;][\/vc_column][vc_column width=&#8221;11\/12&#8243;][vc_column_text]<\/p>\n<h6 style=\"text-align: left; letter-spacing: -5px;\">Medios<\/h6>\n<p>[\/vc_column_text][\/vc_column][\/vc_row][vc_row css_animation=&#8221;&#8221; row_type=&#8221;row&#8221; use_row_as_full_screen_section=&#8221;no&#8221; type=&#8221;grid&#8221; angled_section=&#8221;no&#8221; text_align=&#8221;left&#8221; background_image_as_pattern=&#8221;without_pattern&#8221; z_index=&#8221;&#8221; css=&#8221;.vc_custom_1647537273464{background-image: url(http:\/\/www.das.uchile.cl\/aescala\/wp-content\/uploads\/2021\/11\/Bckg-v05.jpg?id=336) !important;}&#8221; padding_bottom=&#8221;184&#8243;][vc_column offset=&#8221;vc_col-lg-offset-0 vc_col-lg-5 vc_col-md-offset-0 vc_col-md-5 vc_col-sm-offset-0&#8243;][qode_elements_holder number_of_columns=&#8221;one_column&#8221;][qode_elements_holder_item advanced_animations=&#8221;no&#8221; item_padding=&#8221;110px 0 0 0&#8243;][vc_column_text]<\/p>\n<h3><span style=\"color: #ffffff;\">\u00bfQu\u00e9 es y c\u00f3mo nace<\/span><br \/>\n<span style=\"color: #ffffff;\">un agujero negro?<\/span><\/h3>\n<p>[\/vc_column_text][vc_separator type=&#8221;small&#8221; position=&#8221;left&#8221; color=&#8221;#53f6c7&#8243; width=&#8221;50&#8243; up=&#8221;15&#8243; down=&#8221;16&#8243; thickness=&#8221;2&#8243; transparency=&#8221;0&#8243;]<div class=\"custom_font_holder\" style=\"font-family: inter; font-size: 21px; line-height: 31.5px; font-style: normal; font-weight: 400; color: #f2f2f2; text-decoration: none; letter-spacing: 0px; text-align: left;\">Fui invitado a T13, noticiero central del Canal 13 de la television chilena, junto a los periodistas Constanza Santa Mar\u00eda y Ram\u00f3n Ulloa, para explicar las caracter\u00edsticas de los agujeros negros y como se forman.<\/div>[vc_empty_space height=&#8221;50px&#8221;]<a  itemprop=\"url\" href=\"http:\/\/www.das.uchile.cl\/aescala\/?page_id=338\" target=\"_self\"  class=\"qbutton  default\" style=\"\">Ver M\u00e1s<\/a>[\/qode_elements_holder_item][\/qode_elements_holder][\/vc_column][vc_column offset=&#8221;vc_col-lg-7 vc_col-md-7 vc_col-sm-offset-0&#8243; css=&#8221;.vc_custom_1636819510201{padding-left: 20px !important;}&#8221;][qode_elements_holder number_of_columns=&#8221;one_column&#8221;][qode_elements_holder_item advanced_animations=&#8221;no&#8221; item_padding=&#8221;95px 0 95px 0&#8243;]<div class=\"qode_video_box\">\n\t<a itemprop=\"image\" class=\"qode_video_image\" href=\"https:\/\/www.youtube.com\/watch?v=IUNv-C1awxs&#038;t=31s\" data-rel=\"prettyPhoto\">\n\t\t\t\n\t\t\t<img decoding=\"async\" src=\"http:\/\/www.das.uchile.cl\/aescala\/wp-content\/uploads\/2021\/11\/AE-T13-v02.jpg\" \/>\n\t\t\t<span class=\"qode_video_box_button_holder\">\n\t\t\t\t<span class=\"qode_video_box_button\">\n\t\t\t\t\t<span class=\"qode_video_box_button_arrow\">\n\t\t\t\t\t<\/span>\n\t\t\t\t<\/span>\n\t\t\t<\/span>\n\t\t\t<\/a>\n<\/div>[\/qode_elements_holder_item][\/qode_elements_holder][\/vc_column][\/vc_row]<\/p>\n","protected":false},"excerpt":{"rendered":"<p>[vc_row css_animation=&#8221;&#8221; row_type=&#8221;row&#8221; use_row_as_full_screen_section=&#8221;yes&#8221; type=&#8221;grid&#8221; angled_section=&#8221;no&#8221; text_align=&#8221;left&#8221; background_image_as_pattern=&#8221;without_pattern&#8221; padding_top=&#8221;120&#8243; padding_bottom=&#8221;150&#8243; transition_delay=&#8221;400&#8243; z_index=&#8221;&#8221; css=&#8221;.vc_custom_1637092825208{background-image: url(http:\/\/www.das.uchile.cl\/aescala\/wp-content\/uploads\/2021\/11\/Bckg-v01-1.jpg?id=323) !important;}&#8221;][vc_column css_animation=&#8221;none&#8221; offset=&#8221;vc_col-lg-7 vc_col-md-12 vc_col-sm-offset-0&#8243;][qode_elements_holder number_of_columns=&#8221;one_column&#8221;][qode_elements_holder_item advanced_animations=&#8221;no&#8221; item_padding=&#8221;80px 50px 0 0&#8243; item_padding_1280_1440=&#8221;50px 0 0 0&#8243; item_padding_1024_1280=&#8221;80px 0px 0 51px&#8221; item_padding_768_1024=&#8221;80px 0px 100px 51px&#8221; item_padding_600_768=&#8221;0 0 80px 0&#8243; item_padding_480_600=&#8221;0 0 80px 0&#8243;&#8230;<\/p>\n","protected":false},"author":1,"featured_media":505,"parent":0,"menu_order":0,"comment_status":"closed","ping_status":"closed","template":"full_width.php","meta":{"footnotes":""},"class_list":["post-315","page","type-page","status-publish","has-post-thumbnail","hentry"],"yoast_head":"<!-- This site is optimized with the Yoast SEO plugin v28.4 - https:\/\/yoast.com\/product\/yoast-seo-wordpress\/ -->\n<title>Andr\u00e9s Escala Phd - Astrof\u00edsico Universidad de Chile<\/title>\n<meta name=\"description\" content=\"Investigaci\u00f3n en la evoluci\u00f3n y formaci\u00f3n de agujeros negros masivos, formaci\u00f3n de galaxias y c\u00famulos estelares, leyes de formaci\u00f3n estelar.\" \/>\n<meta name=\"robots\" content=\"index, follow, max-snippet:-1, max-image-preview:large, max-video-preview:-1\" \/>\n<link rel=\"canonical\" href=\"http:\/\/www.das.uchile.cl\/aescala\/\" \/>\n<meta property=\"og:locale\" content=\"en_US\" \/>\n<meta property=\"og:type\" content=\"article\" \/>\n<meta property=\"og:title\" content=\"Andr\u00e9s Escala PhD\" \/>\n<meta property=\"og:description\" content=\"Mi tradicional \u00e1rea de investigaci\u00f3n es la astrof\u00edsica te\u00f3rica, en problemas tales como la evoluci\u00f3n y formaci\u00f3n de agujeros negros masivos en el universo, formaci\u00f3n de galaxias y c\u00famulos estelares, leyes de formaci\u00f3n estelar, entre otros.\" \/>\n<meta property=\"og:url\" content=\"http:\/\/www.das.uchile.cl\/aescala\/\" \/>\n<meta property=\"og:site_name\" content=\"Andres Escala\" \/>\n<meta property=\"article:modified_time\" content=\"2022-03-21T22:08:17+00:00\" \/>\n<meta property=\"og:image\" content=\"http:\/\/www.das.uchile.cl\/aescala\/wp-content\/uploads\/2022\/02\/Andres-Escala-Profile-Facebook-Copy.jpg\" \/>\n\t<meta property=\"og:image:width\" content=\"1200\" \/>\n\t<meta property=\"og:image:height\" content=\"630\" \/>\n\t<meta property=\"og:image:type\" content=\"image\/jpeg\" \/>\n<meta name=\"twitter:card\" content=\"summary_large_image\" \/>\n<meta name=\"twitter:title\" content=\"Andr\u00e9s Escala PhD\" \/>\n<meta name=\"twitter:description\" content=\"Mi tradicional \u00e1rea de investigaci\u00f3n es la astrof\u00edsica te\u00f3rica, en problemas tales como la evoluci\u00f3n y formaci\u00f3n de agujeros negros masivos en el universo, formaci\u00f3n de galaxias y c\u00famulos estelares, leyes de formaci\u00f3n estelar, entre otros.\" \/>\n<meta name=\"twitter:label1\" content=\"Est. reading time\" \/>\n\t<meta name=\"twitter:data1\" content=\"4 minutes\" \/>\n<script type=\"application\/ld+json\" class=\"yoast-schema-graph\">{\"@context\":\"https:\\\/\\\/schema.org\",\"@graph\":[{\"@type\":\"WebPage\",\"@id\":\"http:\\\/\\\/www.das.uchile.cl\\\/aescala\\\/\",\"url\":\"http:\\\/\\\/www.das.uchile.cl\\\/aescala\\\/\",\"name\":\"Andr\u00e9s Escala Phd - Astrof\u00edsico Universidad de Chile\",\"isPartOf\":{\"@id\":\"http:\\\/\\\/www.das.uchile.cl\\\/aescala\\\/#website\"},\"primaryImageOfPage\":{\"@id\":\"http:\\\/\\\/www.das.uchile.cl\\\/aescala\\\/#primaryimage\"},\"image\":{\"@id\":\"http:\\\/\\\/www.das.uchile.cl\\\/aescala\\\/#primaryimage\"},\"thumbnailUrl\":\"http:\\\/\\\/www.das.uchile.cl\\\/aescala\\\/wp-content\\\/uploads\\\/2022\\\/02\\\/Andres-Escala-Profile-Facebook-Copy-1.jpg\",\"datePublished\":\"2018-05-14T08:02:07+00:00\",\"dateModified\":\"2022-03-21T22:08:17+00:00\",\"description\":\"Investigaci\u00f3n en la evoluci\u00f3n y formaci\u00f3n de agujeros negros masivos, formaci\u00f3n de galaxias y c\u00famulos estelares, leyes de formaci\u00f3n estelar.\",\"breadcrumb\":{\"@id\":\"http:\\\/\\\/www.das.uchile.cl\\\/aescala\\\/#breadcrumb\"},\"inLanguage\":\"en-US\",\"potentialAction\":[{\"@type\":\"ReadAction\",\"target\":[\"http:\\\/\\\/www.das.uchile.cl\\\/aescala\\\/\"]}]},{\"@type\":\"ImageObject\",\"inLanguage\":\"en-US\",\"@id\":\"http:\\\/\\\/www.das.uchile.cl\\\/aescala\\\/#primaryimage\",\"url\":\"http:\\\/\\\/www.das.uchile.cl\\\/aescala\\\/wp-content\\\/uploads\\\/2022\\\/02\\\/Andres-Escala-Profile-Facebook-Copy-1.jpg\",\"contentUrl\":\"http:\\\/\\\/www.das.uchile.cl\\\/aescala\\\/wp-content\\\/uploads\\\/2022\\\/02\\\/Andres-Escala-Profile-Facebook-Copy-1.jpg\",\"width\":1200,\"height\":630},{\"@type\":\"BreadcrumbList\",\"@id\":\"http:\\\/\\\/www.das.uchile.cl\\\/aescala\\\/#breadcrumb\",\"itemListElement\":[{\"@type\":\"ListItem\",\"position\":1,\"name\":\"Home\",\"item\":\"http:\\\/\\\/www.das.uchile.cl\\\/aescala\\\/\"},{\"@type\":\"ListItem\",\"position\":2,\"name\":\"Inicio\"}]},{\"@type\":\"WebSite\",\"@id\":\"http:\\\/\\\/www.das.uchile.cl\\\/aescala\\\/#website\",\"url\":\"http:\\\/\\\/www.das.uchile.cl\\\/aescala\\\/\",\"name\":\"Andres Escala\",\"description\":\"Astrofisico Teorico - Universidad de Chile\",\"publisher\":{\"@id\":\"http:\\\/\\\/www.das.uchile.cl\\\/aescala\\\/#\\\/schema\\\/person\\\/b4981061370ec66069654132888631f1\"},\"potentialAction\":[{\"@type\":\"SearchAction\",\"target\":{\"@type\":\"EntryPoint\",\"urlTemplate\":\"http:\\\/\\\/www.das.uchile.cl\\\/aescala\\\/?s={search_term_string}\"},\"query-input\":{\"@type\":\"PropertyValueSpecification\",\"valueRequired\":true,\"valueName\":\"search_term_string\"}}],\"inLanguage\":\"en-US\"},{\"@type\":[\"Person\",\"Organization\"],\"@id\":\"http:\\\/\\\/www.das.uchile.cl\\\/aescala\\\/#\\\/schema\\\/person\\\/b4981061370ec66069654132888631f1\",\"name\":\"admin\",\"image\":{\"@type\":\"ImageObject\",\"inLanguage\":\"en-US\",\"@id\":\"https:\\\/\\\/i0.wp.com\\\/andresescala.xyz\\\/wp-content\\\/uploads\\\/2022\\\/02\\\/Andres-Escala-Profile-Facebook-Copy.jpg?fit=1200%2C630&ssl=1\",\"url\":\"https:\\\/\\\/i0.wp.com\\\/andresescala.xyz\\\/wp-content\\\/uploads\\\/2022\\\/02\\\/Andres-Escala-Profile-Facebook-Copy.jpg?fit=1200%2C630&ssl=1\",\"contentUrl\":\"https:\\\/\\\/i0.wp.com\\\/andresescala.xyz\\\/wp-content\\\/uploads\\\/2022\\\/02\\\/Andres-Escala-Profile-Facebook-Copy.jpg?fit=1200%2C630&ssl=1\",\"width\":1200,\"height\":630,\"caption\":\"admin\"},\"logo\":{\"@id\":\"https:\\\/\\\/i0.wp.com\\\/andresescala.xyz\\\/wp-content\\\/uploads\\\/2022\\\/02\\\/Andres-Escala-Profile-Facebook-Copy.jpg?fit=1200%2C630&ssl=1\"},\"sameAs\":[\"http:\\\/\\\/www.das.uchile.cl\\\/aescala\"]}]}<\/script>\n<!-- \/ Yoast SEO plugin. -->","yoast_head_json":{"title":"Andr\u00e9s Escala Phd - Astrof\u00edsico Universidad de Chile","description":"Investigaci\u00f3n en la evoluci\u00f3n y formaci\u00f3n de agujeros negros masivos, formaci\u00f3n de galaxias y c\u00famulos estelares, leyes de formaci\u00f3n estelar.","robots":{"index":"index","follow":"follow","max-snippet":"max-snippet:-1","max-image-preview":"max-image-preview:large","max-video-preview":"max-video-preview:-1"},"canonical":"http:\/\/www.das.uchile.cl\/aescala\/","og_locale":"en_US","og_type":"article","og_title":"Andr\u00e9s Escala PhD","og_description":"Mi tradicional \u00e1rea de investigaci\u00f3n es la astrof\u00edsica te\u00f3rica, en problemas tales como la evoluci\u00f3n y formaci\u00f3n de agujeros negros masivos en el universo, formaci\u00f3n de galaxias y c\u00famulos estelares, leyes de formaci\u00f3n estelar, entre otros.","og_url":"http:\/\/www.das.uchile.cl\/aescala\/","og_site_name":"Andres Escala","article_modified_time":"2022-03-21T22:08:17+00:00","og_image":[{"width":1200,"height":630,"url":"http:\/\/www.das.uchile.cl\/aescala\/wp-content\/uploads\/2022\/02\/Andres-Escala-Profile-Facebook-Copy.jpg","type":"image\/jpeg"}],"twitter_card":"summary_large_image","twitter_title":"Andr\u00e9s Escala PhD","twitter_description":"Mi tradicional \u00e1rea de investigaci\u00f3n es la astrof\u00edsica te\u00f3rica, en problemas tales como la evoluci\u00f3n y formaci\u00f3n de agujeros negros masivos en el universo, formaci\u00f3n de galaxias y c\u00famulos estelares, leyes de formaci\u00f3n estelar, entre otros.","twitter_misc":{"Est. reading time":"4 minutes"},"schema":{"@context":"https:\/\/schema.org","@graph":[{"@type":"WebPage","@id":"http:\/\/www.das.uchile.cl\/aescala\/","url":"http:\/\/www.das.uchile.cl\/aescala\/","name":"Andr\u00e9s Escala Phd - Astrof\u00edsico Universidad de Chile","isPartOf":{"@id":"http:\/\/www.das.uchile.cl\/aescala\/#website"},"primaryImageOfPage":{"@id":"http:\/\/www.das.uchile.cl\/aescala\/#primaryimage"},"image":{"@id":"http:\/\/www.das.uchile.cl\/aescala\/#primaryimage"},"thumbnailUrl":"http:\/\/www.das.uchile.cl\/aescala\/wp-content\/uploads\/2022\/02\/Andres-Escala-Profile-Facebook-Copy-1.jpg","datePublished":"2018-05-14T08:02:07+00:00","dateModified":"2022-03-21T22:08:17+00:00","description":"Investigaci\u00f3n en la evoluci\u00f3n y formaci\u00f3n de agujeros negros masivos, formaci\u00f3n de galaxias y c\u00famulos estelares, leyes de formaci\u00f3n estelar.","breadcrumb":{"@id":"http:\/\/www.das.uchile.cl\/aescala\/#breadcrumb"},"inLanguage":"en-US","potentialAction":[{"@type":"ReadAction","target":["http:\/\/www.das.uchile.cl\/aescala\/"]}]},{"@type":"ImageObject","inLanguage":"en-US","@id":"http:\/\/www.das.uchile.cl\/aescala\/#primaryimage","url":"http:\/\/www.das.uchile.cl\/aescala\/wp-content\/uploads\/2022\/02\/Andres-Escala-Profile-Facebook-Copy-1.jpg","contentUrl":"http:\/\/www.das.uchile.cl\/aescala\/wp-content\/uploads\/2022\/02\/Andres-Escala-Profile-Facebook-Copy-1.jpg","width":1200,"height":630},{"@type":"BreadcrumbList","@id":"http:\/\/www.das.uchile.cl\/aescala\/#breadcrumb","itemListElement":[{"@type":"ListItem","position":1,"name":"Home","item":"http:\/\/www.das.uchile.cl\/aescala\/"},{"@type":"ListItem","position":2,"name":"Inicio"}]},{"@type":"WebSite","@id":"http:\/\/www.das.uchile.cl\/aescala\/#website","url":"http:\/\/www.das.uchile.cl\/aescala\/","name":"Andres Escala","description":"Astrofisico Teorico - Universidad de Chile","publisher":{"@id":"http:\/\/www.das.uchile.cl\/aescala\/#\/schema\/person\/b4981061370ec66069654132888631f1"},"potentialAction":[{"@type":"SearchAction","target":{"@type":"EntryPoint","urlTemplate":"http:\/\/www.das.uchile.cl\/aescala\/?s={search_term_string}"},"query-input":{"@type":"PropertyValueSpecification","valueRequired":true,"valueName":"search_term_string"}}],"inLanguage":"en-US"},{"@type":["Person","Organization"],"@id":"http:\/\/www.das.uchile.cl\/aescala\/#\/schema\/person\/b4981061370ec66069654132888631f1","name":"admin","image":{"@type":"ImageObject","inLanguage":"en-US","@id":"https:\/\/i0.wp.com\/andresescala.xyz\/wp-content\/uploads\/2022\/02\/Andres-Escala-Profile-Facebook-Copy.jpg?fit=1200%2C630&ssl=1","url":"https:\/\/i0.wp.com\/andresescala.xyz\/wp-content\/uploads\/2022\/02\/Andres-Escala-Profile-Facebook-Copy.jpg?fit=1200%2C630&ssl=1","contentUrl":"https:\/\/i0.wp.com\/andresescala.xyz\/wp-content\/uploads\/2022\/02\/Andres-Escala-Profile-Facebook-Copy.jpg?fit=1200%2C630&ssl=1","width":1200,"height":630,"caption":"admin"},"logo":{"@id":"https:\/\/i0.wp.com\/andresescala.xyz\/wp-content\/uploads\/2022\/02\/Andres-Escala-Profile-Facebook-Copy.jpg?fit=1200%2C630&ssl=1"},"sameAs":["http:\/\/www.das.uchile.cl\/aescala"]}]}},"jetpack_sharing_enabled":true,"_links":{"self":[{"href":"http:\/\/www.das.uchile.cl\/aescala\/index.php?rest_route=\/wp\/v2\/pages\/315","targetHints":{"allow":["GET"]}}],"collection":[{"href":"http:\/\/www.das.uchile.cl\/aescala\/index.php?rest_route=\/wp\/v2\/pages"}],"about":[{"href":"http:\/\/www.das.uchile.cl\/aescala\/index.php?rest_route=\/wp\/v2\/types\/page"}],"author":[{"embeddable":true,"href":"http:\/\/www.das.uchile.cl\/aescala\/index.php?rest_route=\/wp\/v2\/users\/1"}],"replies":[{"embeddable":true,"href":"http:\/\/www.das.uchile.cl\/aescala\/index.php?rest_route=%2Fwp%2Fv2%2Fcomments&post=315"}],"version-history":[{"count":7,"href":"http:\/\/www.das.uchile.cl\/aescala\/index.php?rest_route=\/wp\/v2\/pages\/315\/revisions"}],"predecessor-version":[{"id":568,"href":"http:\/\/www.das.uchile.cl\/aescala\/index.php?rest_route=\/wp\/v2\/pages\/315\/revisions\/568"}],"wp:featuredmedia":[{"embeddable":true,"href":"http:\/\/www.das.uchile.cl\/aescala\/index.php?rest_route=\/wp\/v2\/media\/505"}],"wp:attachment":[{"href":"http:\/\/www.das.uchile.cl\/aescala\/index.php?rest_route=%2Fwp%2Fv2%2Fmedia&parent=315"}],"curies":[{"name":"wp","href":"https:\/\/api.w.org\/{rel}","templated":true}]}}