{"id":338,"date":"2021-11-13T17:04:42","date_gmt":"2021-11-13T17:04:42","guid":{"rendered":"http:\/\/www.das.uchile.cl\/aescala\/?page_id=338"},"modified":"2022-03-17T17:52:50","modified_gmt":"2022-03-17T17:52:50","slug":"medios","status":"publish","type":"page","link":"http:\/\/www.das.uchile.cl\/aescala\/?page_id=338","title":{"rendered":"Medios"},"content":{"rendered":"<p>[vc_row css_animation=&#8221;&#8221; row_type=&#8221;row&#8221; use_row_as_full_screen_section=&#8221;yes&#8221; type=&#8221;grid&#8221; angled_section=&#8221;no&#8221; text_align=&#8221;left&#8221; background_image_as_pattern=&#8221;without_pattern&#8221; padding_top=&#8221;110&#8243; padding_bottom=&#8221;123&#8243; transition_delay=&#8221;400&#8243; z_index=&#8221;&#8221;][vc_column css_animation=&#8221;none&#8221; width=&#8221;2\/3&#8243; offset=&#8221;vc_col-lg-7 vc_col-md-12 vc_col-sm-offset-0&#8243;][qode_elements_holder number_of_columns=&#8221;one_column&#8221;][qode_elements_holder_item advanced_animations=&#8221;no&#8221; item_padding=&#8221;110px 0 0 0&#8243; item_padding_1280_1440=&#8221;50px 0 0 0&#8243; item_padding_1024_1280=&#8221;80px 0px 0 51px&#8221; item_padding_768_1024=&#8221;80px 0px 100px 51px&#8221; item_padding_600_768=&#8221;0 0 80px 0&#8243; item_padding_480_600=&#8221;0 0 80px 0&#8243; item_padding_480=&#8221;0 0 80px 0&#8243;][vc_column_text]<\/p>\n<h1>Apariciones en medios de comunicaci\u00f3n<\/h1>\n<p>[\/vc_column_text][vc_empty_space height=&#8221;37px&#8221;]<div class=\"custom_font_holder\" style=\"font-family: inter; font-size: 21px; line-height: 31.5px; font-style: normal; font-weight: 400; color: #ffffff; text-decoration: none; letter-spacing: 0px; text-align: left;\">Una serie de instancias en las que he participado en distintos medios de comunicaci\u00f3n explicando temas tan variados como eclipses y alineaciones planetarias, vientos solares, chorros de proto-estrelas, choque de estrellas de neutrones, etc. y relacionados a mi propia investigaci\u00f3n (formaci\u00f3n de agujeros negros en el universo, su emisi\u00f3n de ondas gravitacionales, su primera \u201cimagen\u201d, etc).<\/div>[vc_empty_space height=&#8221;50px&#8221;]<span data-type=\"normal\"  class=\"qode_icon_shortcode  q_font_awsome_icon fa-4x  \" style=\" \"><i class=\"qode_icon_font_awesome fa fa-angle-down qode_icon_element\" style=\"\" ><\/i><\/span>[\/qode_elements_holder_item][\/qode_elements_holder][\/vc_column][vc_column css_animation=&#8221;slideInRight&#8221; width=&#8221;1\/3&#8243; css=&#8221;.vc_custom_1526629363621{padding-top: 0px !important;padding-right: 0px !important;padding-bottom: 0px !important;padding-left: 0px !important;}&#8221; offset=&#8221;vc_col-lg-5 vc_col-md-12 vc_col-sm-offset-0&#8243;][\/vc_column][\/vc_row][vc_row css_animation=&#8221;&#8221; row_type=&#8221;row&#8221; use_row_as_full_screen_section=&#8221;no&#8221; type=&#8221;full_width&#8221; angled_section=&#8221;no&#8221; text_align=&#8221;left&#8221; background_image_as_pattern=&#8221;without_pattern&#8221; anchor=&#8221;clients&#8221; z_index=&#8221;&#8221; css=&#8221;.vc_custom_1636843694327{background-color: #000000 !important;}&#8221; padding_top=&#8221;110&#8243; padding_bottom=&#8221;50&#8243;][vc_column width=&#8221;1\/12&#8243;][\/vc_column][vc_column width=&#8221;11\/12&#8243;][vc_column_text]<\/p>\n<h6 style=\"text-align: left; letter-spacing: -5px;\">Entrevistas<\/h6>\n<p>[\/vc_column_text][\/vc_column][\/vc_row][vc_row css_animation=&#8221;&#8221; row_type=&#8221;row&#8221; use_row_as_full_screen_section=&#8221;no&#8221; type=&#8221;full_width&#8221; angled_section=&#8221;no&#8221; text_align=&#8221;left&#8221; background_image_as_pattern=&#8221;with_pattern&#8221; z_index=&#8221;&#8221; background_image=&#8221;405&#8243;][vc_column][vc_row_inner row_type=&#8221;row&#8221; type=&#8221;grid&#8221; text_align=&#8221;left&#8221; css_animation=&#8221;&#8221;][vc_column_inner width=&#8221;1\/2&#8243;][qode_elements_holder number_of_columns=&#8221;one_column&#8221;][qode_elements_holder_item advanced_animations=&#8221;no&#8221; item_padding=&#8221;110px 0 111px 0&#8243;][vc_column_text]<\/p>\n<h3 class=\"col-sm-11 col-md-11\"><span style=\"color: #ffffff;\">&#8220;Podremos medir los cambios en el metabolismo de las especies ante el calentamiento global&#8221;<\/span><\/h3>\n<p>[\/vc_column_text][vc_separator type=&#8221;small&#8221; position=&#8221;left&#8221; color=&#8221;#53f6c7&#8243; width=&#8221;50&#8243; up=&#8221;14&#8243; down=&#8221;16&#8243; transparency=&#8221;0&#8243;]<div class=\"custom_font_holder\" style=\"font-family: inter; font-size: 21px; line-height: 31.5px; font-style: normal; font-weight: 400; color: #f2f2f2; text-decoration: none; letter-spacing: 0px; text-align: left;\">En esta entrevista de El Mostrador TV, explico en detalle c\u00f3mo llego a mi propuesta de la Ley de Kleiber sobre los seres vivos y las implicancias que tiene, especialmente en el contexto del cambio clim\u00e1tico.<\/div>[vc_empty_space height=&#8221;50px&#8221;]<a  itemprop=\"url\" href=\"https:\/\/www.elmostrador.cl\/destacado\/2019\/01\/25\/andres-escala-el-astrofisico-que-remece-a-la-biologia-podremos-medir-los-cambios-en-el-metabolismo-de-las-especies-ante-el-calentamiento-global\/\" target=\"_blank\"  class=\"qbutton  default\" style=\"\">Ver Entrevista<\/a>[\/qode_elements_holder_item][\/qode_elements_holder][\/vc_column_inner][vc_column_inner width=&#8221;1\/2&#8243;][qode_elements_holder number_of_columns=&#8221;one_column&#8221;][qode_elements_holder_item advanced_animations=&#8221;no&#8221; item_padding=&#8221;95px 0 95px 20px&#8221;][vc_single_image image=&#8221;402&#8243; img_size=&#8221;full&#8221; qode_css_animation=&#8221;&#8221;][\/qode_elements_holder_item][\/qode_elements_holder][\/vc_column_inner][\/vc_row_inner][vc_row_inner row_type=&#8221;row&#8221; type=&#8221;grid&#8221; text_align=&#8221;left&#8221; css_animation=&#8221;&#8221;][vc_column_inner width=&#8221;1\/2&#8243;][qode_elements_holder number_of_columns=&#8221;one_column&#8221;][qode_elements_holder_item advanced_animations=&#8221;no&#8221; item_padding=&#8221;110px 0 111px 0&#8243;][vc_column_text]<\/p>\n<h3 class=\"col-sm-11 col-md-11\"><span style=\"color: #ffffff;\">Astr\u00f3nomo chileno hall\u00f3 eslab\u00f3n perdido del nacimiento de los Agujeros Negros<\/span><\/h3>\n<p>[\/vc_column_text][vc_separator type=&#8221;small&#8221; position=&#8221;left&#8221; color=&#8221;#53f6c7&#8243; width=&#8221;50&#8243; up=&#8221;14&#8243; down=&#8221;16&#8243; transparency=&#8221;0&#8243;]<div class=\"custom_font_holder\" style=\"font-family: inter; font-size: 21px; line-height: 31.5px; font-style: normal; font-weight: 400; color: #f2f2f2; text-decoration: none; letter-spacing: 0px; text-align: left;\">Entrevista con el portal online Cultura 21, donde conversamos sobre mis recientes investigaciones, particularmente sobre los \u00faltimos hallazgos que he realizado en materia de agujeros negros.<\/div>[vc_empty_space height=&#8221;50px&#8221;]<a  itemprop=\"url\" href=\"https:\/\/www.youtube.com\/watch?v=sAtQQnmjanc\" target=\"_blank\"  class=\"qbutton  default\" style=\"\">Ver Entrevista<\/a>[\/qode_elements_holder_item][\/qode_elements_holder][\/vc_column_inner][vc_column_inner width=&#8221;1\/2&#8243;][qode_elements_holder number_of_columns=&#8221;one_column&#8221;][qode_elements_holder_item advanced_animations=&#8221;no&#8221; item_padding=&#8221;95px 0 95px 20px&#8221;]<div class=\"qode_video_box\">\n\t<a itemprop=\"image\" class=\"qode_video_image\" href=\"https:\/\/www.youtube.com\/watch?v=sAtQQnmjanc\" data-rel=\"prettyPhoto\">\n\t\t\t\n\t\t\t<img decoding=\"async\" src=\"http:\/\/www.das.uchile.cl\/aescala\/wp-content\/uploads\/2022\/03\/AE-Cultura-21.jpg\" \/>\n\t\t\t<span class=\"qode_video_box_button_holder\">\n\t\t\t\t<span class=\"qode_video_box_button\">\n\t\t\t\t\t<span class=\"qode_video_box_button_arrow\">\n\t\t\t\t\t<\/span>\n\t\t\t\t<\/span>\n\t\t\t<\/span>\n\t\t\t<\/a>\n<\/div>[\/qode_elements_holder_item][\/qode_elements_holder][\/vc_column_inner][\/vc_row_inner][vc_row_inner row_type=&#8221;row&#8221; type=&#8221;grid&#8221; text_align=&#8221;left&#8221; css_animation=&#8221;&#8221;][vc_column_inner width=&#8221;1\/2&#8243;][qode_elements_holder number_of_columns=&#8221;one_column&#8221;][qode_elements_holder_item advanced_animations=&#8221;no&#8221; item_padding=&#8221;110px 0 111px 0&#8243;][vc_column_text]<\/p>\n<h3 class=\"col-sm-11 col-md-11\"><span style=\"color: #ffffff;\">&#8220;Me di cuenta de que hab\u00eda este error matem\u00e1tico en las bases, en los fundamentos y me puse a buscar \u00e1reas&#8221;<\/span><\/h3>\n<p>[\/vc_column_text][vc_separator type=&#8221;small&#8221; position=&#8221;left&#8221; color=&#8221;#53f6c7&#8243; width=&#8221;50&#8243; up=&#8221;14&#8243; down=&#8221;16&#8243; transparency=&#8221;0&#8243;]<div class=\"custom_font_holder\" style=\"font-family: inter; font-size: 21px; line-height: 31.5px; font-style: normal; font-weight: 400; color: #f2f2f2; text-decoration: none; letter-spacing: 0px; text-align: left;\">Conversaci\u00f3n con &#8220;La Invenci\u00f3n del Futuro&#8221; sobre mi teor\u00eda que perfecciona la Ley de Kleiber.<\/div>[vc_empty_space height=&#8221;50px&#8221;]<a  itemprop=\"url\" href=\"https:\/\/www.pauta.cl\/videos\/andres-escala\" target=\"_blank\"  class=\"qbutton  default\" style=\"\">Ver Entrevista<\/a>[\/qode_elements_holder_item][\/qode_elements_holder][\/vc_column_inner][vc_column_inner width=&#8221;1\/2&#8243;][qode_elements_holder number_of_columns=&#8221;one_column&#8221;][qode_elements_holder_item advanced_animations=&#8221;no&#8221; item_padding=&#8221;95px 0 95px 20px&#8221;][vc_single_image image=&#8221;403&#8243; img_size=&#8221;full&#8221; qode_css_animation=&#8221;&#8221;][\/qode_elements_holder_item][\/qode_elements_holder][\/vc_column_inner][\/vc_row_inner][vc_row_inner row_type=&#8221;row&#8221; type=&#8221;grid&#8221; text_align=&#8221;left&#8221; css_animation=&#8221;&#8221;][vc_column_inner width=&#8221;1\/2&#8243;][qode_elements_holder number_of_columns=&#8221;one_column&#8221;][qode_elements_holder_item advanced_animations=&#8221;no&#8221; item_padding=&#8221;110px 0 111px 0&#8243;][vc_column_text]<\/p>\n<h3 class=\"col-sm-11 col-md-11\"><span style=\"color: #ffffff;\">&#8220;La astronom\u00eda es importante para Chile y Chile es importante para la astronom\u00eda&#8221;<\/span><\/h3>\n<p>[\/vc_column_text][vc_separator type=&#8221;small&#8221; position=&#8221;left&#8221; color=&#8221;#53f6c7&#8243; width=&#8221;50&#8243; up=&#8221;14&#8243; down=&#8221;16&#8243; transparency=&#8221;0&#8243;]<div class=\"custom_font_holder\" style=\"font-family: inter; font-size: 21px; line-height: 31.5px; font-style: normal; font-weight: 400; color: #f2f2f2; text-decoration: none; letter-spacing: 0px; text-align: left;\">Entrevista con el destacado periodista nacional, Fernando Paulsen, donde conversamos de Astronom\u00eda y las repercusiones de mi propuesta sobre la Ley de Kleiber.<\/div>[vc_empty_space height=&#8221;50px&#8221;]<a  itemprop=\"url\" href=\"https:\/\/www.youtube.com\/watch?v=wdLm6aVpxVg\" target=\"_blank\"  class=\"qbutton  default\" style=\"\">Ver Entrevista<\/a>[\/qode_elements_holder_item][\/qode_elements_holder][\/vc_column_inner][vc_column_inner width=&#8221;1\/2&#8243;][qode_elements_holder number_of_columns=&#8221;one_column&#8221;][qode_elements_holder_item advanced_animations=&#8221;no&#8221; item_padding=&#8221;95px 0 95px 20px&#8221;]<div class=\"qode_video_box\">\n\t<a itemprop=\"image\" class=\"qode_video_image\" href=\"https:\/\/www.youtube.com\/watch?v=wdLm6aVpxVg\" data-rel=\"prettyPhoto\">\n\t\t\t\n\t\t\t<img decoding=\"async\" src=\"http:\/\/www.das.uchile.cl\/aescala\/wp-content\/uploads\/2021\/11\/AE-La-Clave-v01.jpg\" \/>\n\t\t\t<span class=\"qode_video_box_button_holder\">\n\t\t\t\t<span class=\"qode_video_box_button\">\n\t\t\t\t\t<span class=\"qode_video_box_button_arrow\">\n\t\t\t\t\t<\/span>\n\t\t\t\t<\/span>\n\t\t\t<\/span>\n\t\t\t<\/a>\n<\/div>[\/qode_elements_holder_item][\/qode_elements_holder][\/vc_column_inner][\/vc_row_inner][vc_row_inner row_type=&#8221;row&#8221; type=&#8221;grid&#8221; text_align=&#8221;left&#8221; css_animation=&#8221;&#8221;][vc_column_inner width=&#8221;1\/2&#8243;][qode_elements_holder number_of_columns=&#8221;one_column&#8221;][qode_elements_holder_item advanced_animations=&#8221;no&#8221; item_padding=&#8221;110px 0 111px 0&#8243;][vc_column_text]<\/p>\n<h3 class=\"col-sm-11 col-md-11\"><span style=\"color: #ffffff;\">Astronom\u00eda y Eclipse Total<\/span><\/h3>\n<p>[\/vc_column_text][vc_separator type=&#8221;small&#8221; position=&#8221;left&#8221; color=&#8221;#53f6c7&#8243; width=&#8221;50&#8243; up=&#8221;14&#8243; down=&#8221;16&#8243; transparency=&#8221;0&#8243;]<div class=\"custom_font_holder\" style=\"font-family: inter; font-size: 21px; line-height: 31.5px; font-style: normal; font-weight: 400; color: #f2f2f2; text-decoration: none; letter-spacing: 0px; text-align: left;\">Fui entrevistado en el programa Panorama Chile de VTR, en mi rol de ese entonces como Director del Observatorio Astron\u00f3mico Nacional, para conversar y explicar el eclipse de sol ocurrido en Julio del a\u00f1o 2019.<\/div>[vc_empty_space height=&#8221;50px&#8221;]<a  itemprop=\"url\" href=\"https:\/\/youtu.be\/J_pT5r8ZZEM?t=627\" target=\"_blank\"  class=\"qbutton  default\" style=\"\">Ver Entrevista<\/a>[\/qode_elements_holder_item][\/qode_elements_holder][\/vc_column_inner][vc_column_inner width=&#8221;1\/2&#8243;][qode_elements_holder number_of_columns=&#8221;one_column&#8221;][qode_elements_holder_item advanced_animations=&#8221;no&#8221; item_padding=&#8221;95px 0 95px 20px&#8221;]<div class=\"qode_video_box\">\n\t<a itemprop=\"image\" class=\"qode_video_image\" href=\"https:\/\/youtu.be\/J_pT5r8ZZEM?t=627\" data-rel=\"prettyPhoto\">\n\t\t\t\n\t\t\t<img decoding=\"async\" src=\"http:\/\/www.das.uchile.cl\/aescala\/wp-content\/uploads\/2022\/02\/AE-Panorama-Chile.jpg\" \/>\n\t\t\t<span class=\"qode_video_box_button_holder\">\n\t\t\t\t<span class=\"qode_video_box_button\">\n\t\t\t\t\t<span class=\"qode_video_box_button_arrow\">\n\t\t\t\t\t<\/span>\n\t\t\t\t<\/span>\n\t\t\t<\/span>\n\t\t\t<\/a>\n<\/div>[\/qode_elements_holder_item][\/qode_elements_holder][\/vc_column_inner][\/vc_row_inner][\/vc_column][\/vc_row][vc_row css_animation=&#8221;&#8221; row_type=&#8221;row&#8221; use_row_as_full_screen_section=&#8221;no&#8221; type=&#8221;full_width&#8221; angled_section=&#8221;no&#8221; text_align=&#8221;left&#8221; background_image_as_pattern=&#8221;without_pattern&#8221;][vc_column][vc_empty_space height=&#8221;184px&#8221;][\/vc_column][\/vc_row]<\/p>\n","protected":false},"excerpt":{"rendered":"<p>[vc_row css_animation=&#8221;&#8221; row_type=&#8221;row&#8221; use_row_as_full_screen_section=&#8221;yes&#8221; type=&#8221;grid&#8221; angled_section=&#8221;no&#8221; text_align=&#8221;left&#8221; background_image_as_pattern=&#8221;without_pattern&#8221; padding_top=&#8221;110&#8243; padding_bottom=&#8221;123&#8243; transition_delay=&#8221;400&#8243; z_index=&#8221;&#8221;][vc_column css_animation=&#8221;none&#8221; width=&#8221;2\/3&#8243; offset=&#8221;vc_col-lg-7 vc_col-md-12 vc_col-sm-offset-0&#8243;][qode_elements_holder number_of_columns=&#8221;one_column&#8221;][qode_elements_holder_item advanced_animations=&#8221;no&#8221; item_padding=&#8221;110px 0 0 0&#8243; item_padding_1280_1440=&#8221;50px 0 0 0&#8243; item_padding_1024_1280=&#8221;80px 0px 0 51px&#8221; item_padding_768_1024=&#8221;80px 0px 100px 51px&#8221; item_padding_600_768=&#8221;0 0 80px 0&#8243; item_padding_480_600=&#8221;0 0 80px 0&#8243; item_padding_480=&#8221;0 0&#8230;<\/p>\n","protected":false},"author":1,"featured_media":0,"parent":0,"menu_order":0,"comment_status":"closed","ping_status":"closed","template":"full_width.php","meta":{"footnotes":""},"class_list":["post-338","page","type-page","status-publish","hentry"],"yoast_head":"<!-- This site is optimized with the Yoast SEO plugin v28.4 - https:\/\/yoast.com\/product\/yoast-seo-wordpress\/ -->\n<title>Medios<\/title>\n<meta name=\"description\" content=\"Apariciones en medios de comunicaci\u00f3n donde he participado para explicar diversos temas as\u00ed como tambi\u00e9n mi propia investigaci\u00f3n.\" \/>\n<meta name=\"robots\" content=\"index, follow, max-snippet:-1, max-image-preview:large, max-video-preview:-1\" \/>\n<link rel=\"canonical\" href=\"http:\/\/www.das.uchile.cl\/aescala\/?page_id=338\" \/>\n<meta property=\"og:locale\" content=\"en_US\" \/>\n<meta property=\"og:type\" content=\"article\" \/>\n<meta property=\"og:title\" content=\"Medios\" \/>\n<meta property=\"og:description\" content=\"Apariciones en medios de comunicaci\u00f3n donde he participado para explicar diversos temas as\u00ed como tambi\u00e9n mi propia investigaci\u00f3n.\" \/>\n<meta property=\"og:url\" content=\"http:\/\/www.das.uchile.cl\/aescala\/?page_id=338\" \/>\n<meta property=\"og:site_name\" content=\"Andres Escala\" \/>\n<meta property=\"article:modified_time\" content=\"2022-03-17T17:52:50+00:00\" \/>\n<meta property=\"og:image\" content=\"http:\/\/www.das.uchile.cl\/aescala\/wp-content\/uploads\/2022\/02\/Andres-Escala-Profile-Facebook-Copy.jpg\" \/>\n\t<meta property=\"og:image:width\" content=\"1200\" \/>\n\t<meta property=\"og:image:height\" content=\"630\" \/>\n\t<meta property=\"og:image:type\" content=\"image\/jpeg\" \/>\n<meta name=\"twitter:card\" content=\"summary_large_image\" \/>\n<meta name=\"twitter:label1\" content=\"Est. reading time\" \/>\n\t<meta name=\"twitter:data1\" content=\"3 minutes\" \/>\n<script type=\"application\/ld+json\" class=\"yoast-schema-graph\">{\"@context\":\"https:\\\/\\\/schema.org\",\"@graph\":[{\"@type\":\"WebPage\",\"@id\":\"http:\\\/\\\/www.das.uchile.cl\\\/aescala\\\/?page_id=338\",\"url\":\"http:\\\/\\\/www.das.uchile.cl\\\/aescala\\\/?page_id=338\",\"name\":\"Medios\",\"isPartOf\":{\"@id\":\"http:\\\/\\\/www.das.uchile.cl\\\/aescala\\\/#website\"},\"datePublished\":\"2021-11-13T17:04:42+00:00\",\"dateModified\":\"2022-03-17T17:52:50+00:00\",\"description\":\"Apariciones en medios de comunicaci\u00f3n donde he participado para explicar diversos temas as\u00ed como tambi\u00e9n mi propia investigaci\u00f3n.\",\"breadcrumb\":{\"@id\":\"http:\\\/\\\/www.das.uchile.cl\\\/aescala\\\/?page_id=338#breadcrumb\"},\"inLanguage\":\"en-US\",\"potentialAction\":[{\"@type\":\"ReadAction\",\"target\":[\"http:\\\/\\\/www.das.uchile.cl\\\/aescala\\\/?page_id=338\"]}]},{\"@type\":\"BreadcrumbList\",\"@id\":\"http:\\\/\\\/www.das.uchile.cl\\\/aescala\\\/?page_id=338#breadcrumb\",\"itemListElement\":[{\"@type\":\"ListItem\",\"position\":1,\"name\":\"Home\",\"item\":\"http:\\\/\\\/www.das.uchile.cl\\\/aescala\\\/\"},{\"@type\":\"ListItem\",\"position\":2,\"name\":\"Medios\"}]},{\"@type\":\"WebSite\",\"@id\":\"http:\\\/\\\/www.das.uchile.cl\\\/aescala\\\/#website\",\"url\":\"http:\\\/\\\/www.das.uchile.cl\\\/aescala\\\/\",\"name\":\"Andres Escala\",\"description\":\"Astrofisico Teorico - Universidad de Chile\",\"publisher\":{\"@id\":\"http:\\\/\\\/www.das.uchile.cl\\\/aescala\\\/#\\\/schema\\\/person\\\/b4981061370ec66069654132888631f1\"},\"potentialAction\":[{\"@type\":\"SearchAction\",\"target\":{\"@type\":\"EntryPoint\",\"urlTemplate\":\"http:\\\/\\\/www.das.uchile.cl\\\/aescala\\\/?s={search_term_string}\"},\"query-input\":{\"@type\":\"PropertyValueSpecification\",\"valueRequired\":true,\"valueName\":\"search_term_string\"}}],\"inLanguage\":\"en-US\"},{\"@type\":[\"Person\",\"Organization\"],\"@id\":\"http:\\\/\\\/www.das.uchile.cl\\\/aescala\\\/#\\\/schema\\\/person\\\/b4981061370ec66069654132888631f1\",\"name\":\"admin\",\"image\":{\"@type\":\"ImageObject\",\"inLanguage\":\"en-US\",\"@id\":\"https:\\\/\\\/i0.wp.com\\\/andresescala.xyz\\\/wp-content\\\/uploads\\\/2022\\\/02\\\/Andres-Escala-Profile-Facebook-Copy.jpg?fit=1200%2C630&ssl=1\",\"url\":\"https:\\\/\\\/i0.wp.com\\\/andresescala.xyz\\\/wp-content\\\/uploads\\\/2022\\\/02\\\/Andres-Escala-Profile-Facebook-Copy.jpg?fit=1200%2C630&ssl=1\",\"contentUrl\":\"https:\\\/\\\/i0.wp.com\\\/andresescala.xyz\\\/wp-content\\\/uploads\\\/2022\\\/02\\\/Andres-Escala-Profile-Facebook-Copy.jpg?fit=1200%2C630&ssl=1\",\"width\":1200,\"height\":630,\"caption\":\"admin\"},\"logo\":{\"@id\":\"https:\\\/\\\/i0.wp.com\\\/andresescala.xyz\\\/wp-content\\\/uploads\\\/2022\\\/02\\\/Andres-Escala-Profile-Facebook-Copy.jpg?fit=1200%2C630&ssl=1\"},\"sameAs\":[\"http:\\\/\\\/www.das.uchile.cl\\\/aescala\"]}]}<\/script>\n<!-- \/ Yoast SEO plugin. -->","yoast_head_json":{"title":"Medios","description":"Apariciones en medios de comunicaci\u00f3n donde he participado para explicar diversos temas as\u00ed como tambi\u00e9n mi propia investigaci\u00f3n.","robots":{"index":"index","follow":"follow","max-snippet":"max-snippet:-1","max-image-preview":"max-image-preview:large","max-video-preview":"max-video-preview:-1"},"canonical":"http:\/\/www.das.uchile.cl\/aescala\/?page_id=338","og_locale":"en_US","og_type":"article","og_title":"Medios","og_description":"Apariciones en medios de comunicaci\u00f3n donde he participado para explicar diversos temas as\u00ed como tambi\u00e9n mi propia investigaci\u00f3n.","og_url":"http:\/\/www.das.uchile.cl\/aescala\/?page_id=338","og_site_name":"Andres Escala","article_modified_time":"2022-03-17T17:52:50+00:00","og_image":[{"width":1200,"height":630,"url":"http:\/\/www.das.uchile.cl\/aescala\/wp-content\/uploads\/2022\/02\/Andres-Escala-Profile-Facebook-Copy.jpg","type":"image\/jpeg"}],"twitter_card":"summary_large_image","twitter_misc":{"Est. reading time":"3 minutes"},"schema":{"@context":"https:\/\/schema.org","@graph":[{"@type":"WebPage","@id":"http:\/\/www.das.uchile.cl\/aescala\/?page_id=338","url":"http:\/\/www.das.uchile.cl\/aescala\/?page_id=338","name":"Medios","isPartOf":{"@id":"http:\/\/www.das.uchile.cl\/aescala\/#website"},"datePublished":"2021-11-13T17:04:42+00:00","dateModified":"2022-03-17T17:52:50+00:00","description":"Apariciones en medios de comunicaci\u00f3n donde he participado para explicar diversos temas as\u00ed como tambi\u00e9n mi propia investigaci\u00f3n.","breadcrumb":{"@id":"http:\/\/www.das.uchile.cl\/aescala\/?page_id=338#breadcrumb"},"inLanguage":"en-US","potentialAction":[{"@type":"ReadAction","target":["http:\/\/www.das.uchile.cl\/aescala\/?page_id=338"]}]},{"@type":"BreadcrumbList","@id":"http:\/\/www.das.uchile.cl\/aescala\/?page_id=338#breadcrumb","itemListElement":[{"@type":"ListItem","position":1,"name":"Home","item":"http:\/\/www.das.uchile.cl\/aescala\/"},{"@type":"ListItem","position":2,"name":"Medios"}]},{"@type":"WebSite","@id":"http:\/\/www.das.uchile.cl\/aescala\/#website","url":"http:\/\/www.das.uchile.cl\/aescala\/","name":"Andres Escala","description":"Astrofisico Teorico - Universidad de Chile","publisher":{"@id":"http:\/\/www.das.uchile.cl\/aescala\/#\/schema\/person\/b4981061370ec66069654132888631f1"},"potentialAction":[{"@type":"SearchAction","target":{"@type":"EntryPoint","urlTemplate":"http:\/\/www.das.uchile.cl\/aescala\/?s={search_term_string}"},"query-input":{"@type":"PropertyValueSpecification","valueRequired":true,"valueName":"search_term_string"}}],"inLanguage":"en-US"},{"@type":["Person","Organization"],"@id":"http:\/\/www.das.uchile.cl\/aescala\/#\/schema\/person\/b4981061370ec66069654132888631f1","name":"admin","image":{"@type":"ImageObject","inLanguage":"en-US","@id":"https:\/\/i0.wp.com\/andresescala.xyz\/wp-content\/uploads\/2022\/02\/Andres-Escala-Profile-Facebook-Copy.jpg?fit=1200%2C630&ssl=1","url":"https:\/\/i0.wp.com\/andresescala.xyz\/wp-content\/uploads\/2022\/02\/Andres-Escala-Profile-Facebook-Copy.jpg?fit=1200%2C630&ssl=1","contentUrl":"https:\/\/i0.wp.com\/andresescala.xyz\/wp-content\/uploads\/2022\/02\/Andres-Escala-Profile-Facebook-Copy.jpg?fit=1200%2C630&ssl=1","width":1200,"height":630,"caption":"admin"},"logo":{"@id":"https:\/\/i0.wp.com\/andresescala.xyz\/wp-content\/uploads\/2022\/02\/Andres-Escala-Profile-Facebook-Copy.jpg?fit=1200%2C630&ssl=1"},"sameAs":["http:\/\/www.das.uchile.cl\/aescala"]}]}},"jetpack_sharing_enabled":true,"_links":{"self":[{"href":"http:\/\/www.das.uchile.cl\/aescala\/index.php?rest_route=\/wp\/v2\/pages\/338","targetHints":{"allow":["GET"]}}],"collection":[{"href":"http:\/\/www.das.uchile.cl\/aescala\/index.php?rest_route=\/wp\/v2\/pages"}],"about":[{"href":"http:\/\/www.das.uchile.cl\/aescala\/index.php?rest_route=\/wp\/v2\/types\/page"}],"author":[{"embeddable":true,"href":"http:\/\/www.das.uchile.cl\/aescala\/index.php?rest_route=\/wp\/v2\/users\/1"}],"replies":[{"embeddable":true,"href":"http:\/\/www.das.uchile.cl\/aescala\/index.php?rest_route=%2Fwp%2Fv2%2Fcomments&post=338"}],"version-history":[{"count":5,"href":"http:\/\/www.das.uchile.cl\/aescala\/index.php?rest_route=\/wp\/v2\/pages\/338\/revisions"}],"predecessor-version":[{"id":562,"href":"http:\/\/www.das.uchile.cl\/aescala\/index.php?rest_route=\/wp\/v2\/pages\/338\/revisions\/562"}],"wp:attachment":[{"href":"http:\/\/www.das.uchile.cl\/aescala\/index.php?rest_route=%2Fwp%2Fv2%2Fmedia&parent=338"}],"curies":[{"name":"wp","href":"https:\/\/api.w.org\/{rel}","templated":true}]}}